{"id":2555,"date":"2026-01-20T10:48:18","date_gmt":"2026-01-20T09:48:18","guid":{"rendered":"https:\/\/solar-co.be\/?post_type=team&#038;p=2555"},"modified":"2026-01-20T10:48:19","modified_gmt":"2026-01-20T09:48:19","slug":"sander-vermeulen","status":"publish","type":"team","link":"https:\/\/solar-co.be\/fr\/team\/sander-vermeulen\/","title":{"rendered":"Sander Vermeulen"},"content":{"rendered":"<p>J'ai cr\u00e9\u00e9 Solarco parce que je suis convaincu que l'\u00e9nergie renouvelable n'a de valeur que si les clients b\u00e9n\u00e9ficient d'une assistance compl\u00e8te, m\u00eame apr\u00e8s l'achat.<br><br>Mon expertise se situe au niveau des op\u00e9rations, du suivi des projets et de l'apr\u00e8s-vente : je m'assure que nos clients re\u00e7oivent toujours le soutien dont ils ont besoin et que tout se passe bien. Gr\u00e2ce \u00e0 mon approche centr\u00e9e sur le client et \u00e0 mon orientation vers les r\u00e9sultats, je contribue \u00e0 l'am\u00e9lioration tant de nos clients que de Solarco.<br><br>Les clients satisfaits me donnent de l'\u00e9nergie et je consid\u00e8re chaque contact comme une occasion de faire une r\u00e9elle diff\u00e9rence.<\/p>","protected":false},"excerpt":{"rendered":"<p>Je suis ambitieux et motiv\u00e9, et j'ai \u00e0 c\u0153ur de satisfaire au mieux les clients. Dans tout ce que j'entreprends, je veille \u00e0 ce que tout se passe bien et avec succ\u00e8s. Mon sens du d\u00e9tail et mon attitude positive garantissent un travail efficace et agr\u00e9able.<\/p>","protected":false},"featured_media":2556,"menu_order":0,"template":"","meta":{"footnotes":""},"class_list":["post-2555","team","type-team","status-publish","has-post-thumbnail","hentry"],"_links":{"self":[{"href":"https:\/\/solar-co.be\/fr\/wp-json\/wp\/v2\/team\/2555","targetHints":{"allow":["GET"]}}],"collection":[{"href":"https:\/\/solar-co.be\/fr\/wp-json\/wp\/v2\/team"}],"about":[{"href":"https:\/\/solar-co.be\/fr\/wp-json\/wp\/v2\/types\/team"}],"version-history":[{"count":0,"href":"https:\/\/solar-co.be\/fr\/wp-json\/wp\/v2\/team\/2555\/revisions"}],"wp:featuredmedia":[{"embeddable":true,"href":"https:\/\/solar-co.be\/fr\/wp-json\/wp\/v2\/media\/2556"}],"wp:attachment":[{"href":"https:\/\/solar-co.be\/fr\/wp-json\/wp\/v2\/media?parent=2555"}],"curies":[{"name":"wp","href":"https:\/\/api.w.org\/{rel}","templated":true}]}}