{"id":3,"date":"2024-12-23T09:54:03","date_gmt":"2024-12-23T09:54:03","guid":{"rendered":"http:\/\/solar-co.be\/?page_id=3"},"modified":"2025-01-10T20:14:15","modified_gmt":"2025-01-10T19:14:15","slug":"politique-de-confidentialite","status":"publish","type":"page","link":"https:\/\/solar-co.be\/fr\/privacy-beleid\/","title":{"rendered":"Politique de confidentialit\u00e9"},"content":{"rendered":"<div data-elementor-type=\"wp-page\" data-elementor-id=\"3\" class=\"elementor elementor-3\" data-elementor-post-type=\"page\">\n\t\t\t\t<div class=\"elementor-element elementor-element-54662f38 e-flex e-con-boxed e-con e-parent\" data-id=\"54662f38\" data-element_type=\"container\" data-e-type=\"container\" data-settings=\"{&quot;background_background&quot;:&quot;classic&quot;,&quot;jet_parallax_layout_list&quot;:[]}\">\n\t\t\t\t\t<div class=\"e-con-inner\">\n\t\t\t\t<div class=\"elementor-element elementor-element-17b13973 elementor-widget elementor-widget-jet-breadcrumbs\" data-id=\"17b13973\" data-element_type=\"widget\" data-e-type=\"widget\" data-widget_type=\"jet-breadcrumbs.default\">\n\t\t\t\t<div class=\"elementor-widget-container\">\n\t\t\t\t\t<div class=\"elementor-jet-breadcrumbs jet-blocks\">\n\t\t<div class=\"jet-breadcrumbs\">\n\t\t<div class=\"jet-breadcrumbs__content\">\n\t\t<div class=\"jet-breadcrumbs__wrap\"><div class=\"jet-breadcrumbs__item\"><a href=\"https:\/\/solar-co.be\/fr\/\" class=\"jet-breadcrumbs__item-link is-home\" rel=\"home\" title=\"Accueil\">Accueil<\/a><\/div>\n\t\t<\/div>\n\t\t<\/div>\n\t\t<\/div><\/div>\t\t\t\t<\/div>\n\t\t\t\t<\/div>\n\t\t\t\t\t<\/div>\n\t\t\t\t<\/div>\n\t\t<div class=\"elementor-element elementor-element-4bed9a5a e-flex e-con-boxed e-con e-parent\" data-id=\"4bed9a5a\" data-element_type=\"container\" data-e-type=\"container\" data-settings=\"{&quot;background_background&quot;:&quot;classic&quot;,&quot;jet_parallax_layout_list&quot;:[]}\">\n\t\t\t\t\t<div class=\"e-con-inner\">\n\t\t\t\t<div class=\"elementor-element elementor-element-303c00d7 elementor-invisible elementor-widget elementor-widget-heading\" data-id=\"303c00d7\" data-element_type=\"widget\" data-e-type=\"widget\" data-settings=\"{&quot;_animation&quot;:&quot;fadeInUp&quot;}\" data-widget_type=\"heading.default\">\n\t\t\t\t\t<h1 class=\"elementor-heading-title elementor-size-default\">Politique de confidentialit\u00e9<\/h1>\t\t\t\t<\/div>\n\t\t\t\t\t<\/div>\n\t\t\t\t<\/div>\n\t\t<div class=\"elementor-element elementor-element-a2d4f48 e-flex e-con-boxed e-con e-parent\" data-id=\"a2d4f48\" data-element_type=\"container\" data-e-type=\"container\" data-settings=\"{&quot;jet_parallax_layout_list&quot;:[]}\">\n\t\t\t\t\t<div class=\"e-con-inner\">\n\t\t\t\t<div class=\"elementor-element elementor-element-a453ab4 elementor-widget elementor-widget-html\" data-id=\"a453ab4\" data-element_type=\"widget\" data-e-type=\"widget\" data-widget_type=\"html.default\">\n\t\t\t\t\t<p><strong>Derni\u00e8re modification : 10\/01\/2025<\/strong><\/p>\n\n<p>\n  La pr\u00e9sente politique de confidentialit\u00e9 d\u00e9crit la mani\u00e8re dont Solarco BV (<strong>\"nous\"<\/strong>, \n  <strong>\"nous\"<\/strong> ou <strong>\"Solarco\"<\/strong>) traite les donn\u00e9es \u00e0 caract\u00e8re personnel\n  que nous collectons lorsque vous visitez notre site web (<strong>www.solar-co.be<\/strong>)\n  ou lorsque vous nous communiquez d'une autre mani\u00e8re des donn\u00e9es \u00e0 caract\u00e8re personnel (ci-apr\u00e8s : \n  <strong>\"Utilisateurs\"<\/strong> ou <strong>\"vous\"<\/strong>\/<strong>\"u\"<\/strong>).\n<\/p>\n\n<h2>1. Qui sommes-nous ?<\/h2>\n<p>\n  Le si\u00e8ge de Solarco BV se trouve \u00e0 :\n<\/p>\n<ul>\n  <li><strong>Adresse<\/strong>: Frame21 Business Center, Diamantstraat 8\/259, 2200 Herentals - Flandres, Belgique<\/li>\n  <li><strong>Courriel<\/strong>: <a href=\"mailto:info@solar-co.be\">info@solar-co.be<\/a><\/li>\n  <li><strong>T\u00e9l\u00e9phone<\/strong>: +32 480 616848<\/li>\n<\/ul>\n<p>\n  Nous agissons en tant que <strong>contr\u00f4leur<\/strong> au sens du r\u00e8glement g\u00e9n\u00e9ral sur la\n  protection des donn\u00e9es (AVG \/ GDPR). Cela signifie que nous d\u00e9terminons quelles\n  donn\u00e9es personnelles sont collect\u00e9es, pourquoi elles sont collect\u00e9es et comment elles sont trait\u00e9es.\n<\/p>\n\n<h2>2. Quelles donn\u00e9es collectons-nous et pourquoi ?<\/h2>\n\n<h3>2.1 Donn\u00e9es que vous fournissez vous-m\u00eame<\/h3>\n<ul>\n  <li>\n    <strong>Formulaires de contact et de devis<\/strong>: \u00e0 partir de notre site web, vous pouvez nous contacter\n    ou demander un devis. Pour ce faire, nous vous demandons le nom (de l'entreprise), le num\u00e9ro de t\u00e9l\u00e9phone et l'adresse \u00e9lectronique.\n    adresse \u00e9lectronique. Nous utilisons ces informations pour :\n    <ol>\n      <li>Traiter votre demande et vous fournir une r\u00e9ponse ou un devis appropri\u00e9.<\/li>\n      <li>Vous contacter au sujet de nos services.<\/li>\n    <\/ol>\n    Nous traitons ces donn\u00e9es sur la base de :\n    <ul>\n      <li><strong>Autorisation<\/strong>En remplissant et en envoyant vous-m\u00eame vos donn\u00e9es, vous consentez \u00e0 ce qu'elles soient trait\u00e9es.<\/li>\n      <li><strong>Int\u00e9r\u00eat l\u00e9gitime<\/strong>nous avons un int\u00e9r\u00eat commercial \u00e0 suivre et \u00e0 traiter une demande de renseignements ou de devis.<\/li>\n    <\/ul>\n  <\/li>\n<\/ul>\n\n<h3>2.2 Donn\u00e9es collect\u00e9es automatiquement (informations non personnelles)<\/h3>\n<p>\n  En outre, nous pouvons collecter automatiquement certaines informations concernant votre utilisation du site web,\n  telles que votre adresse IP, votre type de navigateur, les pages visit\u00e9es et les heures de votre visite. Ces informations\n  nous aident :\n<\/p>\n<ul>\n  <li>Am\u00e9liorer la fonctionnalit\u00e9 et la facilit\u00e9 d'utilisation du site web.<\/li>\n  <li>Effectuer des statistiques et des analyses pour \u00e9valuer la performance de nos services.<\/li>\n<\/ul>\n<p>\n  Ces donn\u00e9es sont g\u00e9n\u00e9ralement collect\u00e9es par <strong>biscuits<\/strong>. Pour plus d'informations sur\n  l'utilisation des cookies, veuillez consulter notre \n  <a href=\"https:\/\/solar-co.be\/fr\/biscuits\/\">Page cookies<\/a>.\n<\/p>\n\n<h2>3. Finalit\u00e9s du traitement<\/h2>\n<p>Nous n'utilisons vos donn\u00e9es personnelles qu'aux fins suivantes :<\/p>\n<ol>\n  <li>\n    <strong>R\u00e9pondre \u00e0 votre demande<\/strong><br>\n    Traitement des demandes de devis, des demandes de contact ou des commandes.\n    vous contacter en r\u00e9ponse \u00e0 votre demande ou requ\u00eate.\n  <\/li>\n  <li>\n    <strong>Communication et service \u00e0 la client\u00e8le<\/strong><br>\n    Envoi de messages (de service) n\u00e9cessaires,\n    par exemple sur les modifications apport\u00e9es \u00e0 nos services ou \u00e0 nos conditions g\u00e9n\u00e9rales.\n    R\u00e9pondre \u00e0 des questions, \u00e0 des commentaires ou \u00e0 des plaintes.\n  <\/li>\n  <li>\n    <strong>Obligations l\u00e9gales<\/strong><br>\n    Respecter les obligations administratives, comptables et l\u00e9gales\n    qui nous incombent.\n  <\/li>\n  <li>\n    <strong>S\u00e9curit\u00e9 et optimisation<\/strong><br>\n    S\u00e9curiser notre site web et nos services contre les abus et optimiser\n    performance et l'exp\u00e9rience de l'utilisateur sur notre site web.\n  <\/li>\n<\/ol>\n<p>\n  Nous fournirons vos donn\u00e9es <strong>pas<\/strong> partager avec des tiers, sauf si cela est n\u00e9cessaire\n  pour l'ex\u00e9cution de nos services ou lorsque la loi nous y oblige.\n<\/p>\n\n<h2>4. Fondements juridiques du traitement<\/h2>\n<p>\n  En vertu du RGPD, nous fondons le traitement des donn\u00e9es sur un ou plusieurs des motifs suivants\n  motifs l\u00e9gaux :\n<\/p>\n<ul>\n  <li>\n    <strong>Ex\u00e9cution d'un accord<\/strong>: \u00e0 un accord (\u00e0 venir) avec vous,\n    par exemple lorsque vous demandez une offre.\n  <\/li>\n  <li>\n    <strong>Autorisation<\/strong>: pour le traitement des donn\u00e9es que vous introduisez volontairement\n    via notre site web. Vous avez le droit de retirer ce consentement \u00e0 tout moment.\n  <\/li>\n  <li>\n    <strong>Int\u00e9r\u00eat l\u00e9gitime<\/strong>pour mener \u00e0 bien nos activit\u00e9s commerciales\n    am\u00e9liorer les services et communiquer avec les clients (potentiels).\n  <\/li>\n  <li>\n    <strong>Obligation l\u00e9gale<\/strong>si la loi nous oblige \u00e0 conserver ou \u00e0 fournir certaines donn\u00e9es\n    conserv\u00e9es ou fournies.\n  <\/li>\n<\/ul>\n\n<h2>5. P\u00e9riode de conservation<\/h2>\n<p>\n  Nous ne conserverons pas vos donn\u00e9es personnelles plus longtemps que n\u00e9cessaire aux fins pour lesquelles elles ont \u00e9t\u00e9 collect\u00e9es ou utilis\u00e9es, sauf obligation l\u00e9gale de les conserver.\n  pour lesquelles elles ont \u00e9t\u00e9 collect\u00e9es ou utilis\u00e9es, \u00e0 moins qu'il n'existe une obligation l\u00e9gale de les conserver. La p\u00e9riode de conservation peut varier en fonction du type de donn\u00e9es et de la finalit\u00e9 sp\u00e9cifique.\n  p\u00e9riode de conservation peut varier en fonction du type de donn\u00e9es et de la finalit\u00e9 sp\u00e9cifique. D\u00e8s que les donn\u00e9es\n  ne sont plus n\u00e9cessaires, elles sont supprim\u00e9es en toute s\u00e9curit\u00e9 ou rendues anonymes.\n<\/p>\n\n<h2>6. Vos droits<\/h2>\n<p>\n  En tant que personne concern\u00e9e au sein de l'UE, vous disposez des droits suivants en ce qui concerne vos donn\u00e9es personnelles :\n<\/p>\n<ul>\n  <li><strong>Droit de regard<\/strong>Vous pouvez demander quelles sont les donn\u00e9es personnelles que nous traitons \u00e0 votre sujet et en recevoir une copie.<\/li>\n  <li><strong>Droit de rectification<\/strong>si vos donn\u00e9es sont incorrectes ou incompl\u00e8tes, vous pouvez nous demander de les corriger ou de les compl\u00e9ter.<\/li>\n  <li><strong>Droit de retrait<\/strong> (\"droit \u00e0 l'oubli\") : vous pouvez nous demander de supprimer vos donn\u00e9es \u00e0 caract\u00e8re personnel lorsqu'elles ne sont plus n\u00e9cessaires ou lorsque vous retirez votre consentement.<\/li>\n  <li><strong>Droit \u00e0 la limitation du traitement<\/strong>Vous pouvez interrompre temporairement le traitement de vos donn\u00e9es dans certains cas.<\/li>\n  <li><strong>Droit d'opposition<\/strong>Vous pouvez vous opposer au traitement de vos donn\u00e9es \u00e0 caract\u00e8re personnel, par exemple \u00e0 des fins de marketing direct.<\/li>\n  <li><strong>Droit de transfert<\/strong>Le droit \u00e0 l'information : vous avez le droit de recevoir et de transmettre \u00e0 un tiers les donn\u00e9es que vous nous avez fournies dans un format structur\u00e9 et lisible par machine.<\/li>\n  <li><strong>Droit de plainte<\/strong>Si vous estimez que nous ne traitons pas vos donn\u00e9es personnelles avec soin, vous pouvez introduire une plainte aupr\u00e8s de l'autorit\u00e9 comp\u00e9tente (en Belgique, il s'agit de l'Autorit\u00e9 de protection des donn\u00e9es).<\/li>\n<\/ul>\n<p>\n  Vous souhaitez exercer l'un de ces droits ? Envoyez un courriel \u00e0 \n  <a href=\"mailto:info@solar-co.be\">info@solar-co.be<\/a>.\n  Nous r\u00e9pondrons d\u00e8s que possible, mais en tout \u00e9tat de cause dans le d\u00e9lai l\u00e9gal d'un mois.\n<\/p>\n\n<h2>7. S\u00e9curit\u00e9 des donn\u00e9es<\/h2>\n<p>\n  Nous prenons les mesures techniques et organisationnelles appropri\u00e9es pour pr\u00e9venir les abus, les pertes, l'acc\u00e8s non autoris\u00e9, la divulgation non d\u00e9sir\u00e9e et la modification non autoris\u00e9e de vos donn\u00e9es.\n  l'acc\u00e8s non autoris\u00e9, la divulgation non d\u00e9sir\u00e9e et la modification non autoris\u00e9e de vos\n  donn\u00e9es personnelles. Ces mesures comprennent des connexions r\u00e9seau s\u00e9curis\u00e9es et\n  protection de l'acc\u00e8s. Malgr\u00e9 ces mesures, aucune m\u00e9thode de transmission de donn\u00e9es\n  sur l'internet 100% ne peut \u00eatre garantie en toute s\u00e9curit\u00e9. Vous comprenez et acceptez que nous ne pouvons\n  pouvons pas \u00eatre tenus pour responsables d'un acc\u00e8s non autoris\u00e9 \u00e0 notre site web qui est\n  qui \u00e9chappe \u00e0 notre contr\u00f4le.\n<\/p>\n\n<h2>8. Partage des donn\u00e9es avec des tiers<\/h2>\n<p>\n  En principe, nous ne partageons pas vos donn\u00e9es avec des tiers, sauf dans les cas suivants :\n<\/p>\n<ul>\n  <li>Cela est n\u00e9cessaire pour l'ex\u00e9cution de nos services (par exemple, les fournisseurs de technologies de l'information).<\/li>\n  <li>Nous y sommes contraints par la loi (par exemple, \u00e0 la demande des autorit\u00e9s).<\/li>\n  <li>Vous avez donn\u00e9 votre consentement explicite.<\/li>\n<\/ul>\n<p>\n  Nous entrons dans un \n  <strong>accord avec le processeur<\/strong> pour garantir le m\u00eame niveau de s\u00e9curit\u00e9\n  et de confidentialit\u00e9.\n<\/p>\n\n<h2>9. Cookies<\/h2>\n<p>\n  Pour l'utilisation des cookies, veuillez vous r\u00e9f\u00e9rer \u00e0 notre site web s\u00e9par\u00e9. \n  <a href=\"https:\/\/solar-co.be\/fr\/biscuits\/\">Page cookies<\/a>. Vous y trouverez de plus amples informations\n  sur les cookies utilis\u00e9s, \u00e0 quelles fins et comment r\u00e9agir.\n<\/p>\n\n<h2>10. Transferts en dehors de l'EEE<\/h2>\n<p>\n  Dans certains cas, il peut \u00eatre n\u00e9cessaire de transf\u00e9rer ou de stocker des donn\u00e9es \u00e0 caract\u00e8re personnel\n  stock\u00e9es en dehors de l'Espace \u00e9conomique europ\u00e9en (EEE). Dans ce cas, nous nous assurerons\n  que ce transfert s'effectue conform\u00e9ment au RGPD, par exemple en utilisant des clauses contractuelles types ou en v\u00e9rifiant qu'un niveau ad\u00e9quat de protection des donn\u00e9es est assur\u00e9.\n  en utilisant des clauses contractuelles types ou en v\u00e9rifiant qu'un niveau ad\u00e9quat de protection des donn\u00e9es est assur\u00e9.\n  de protection des donn\u00e9es est assur\u00e9.\n<\/p>\n\n<h2>11. Modifications de la pr\u00e9sente politique de confidentialit\u00e9<\/h2>\n<p>\n  Nous nous r\u00e9servons le droit de modifier la pr\u00e9sente politique de confidentialit\u00e9 de temps \u00e0 autre.\n  Les modifications importantes seront imm\u00e9diatement visibles sur notre site web. La date\n  La date de \"derni\u00e8re modification\" figurant en haut de la pr\u00e9sente politique de confidentialit\u00e9 indique la date \u00e0 laquelle les derni\u00e8res modifications ont \u00e9t\u00e9 apport\u00e9es.\n  modifications ont \u00e9t\u00e9 apport\u00e9es. Nous vous encourageons \u00e0 consulter fr\u00e9quemment cette page afin de prendre connaissance de la version la plus r\u00e9cente.\n  la version la plus r\u00e9cente.\n<\/p>\n\n<h2>12. Contact<\/h2>\n<p>\n  Si vous avez des questions ou des commentaires sur la pr\u00e9sente politique de confidentialit\u00e9 ou sur le traitement de vos\n  donn\u00e9es personnelles ? N'h\u00e9sitez pas \u00e0 nous contacter :\n<\/p>\n<ul>\n  <li><strong>Courriel<\/strong>: <a href=\"mailto:info@solar-co.be\">info@solar-co.be<\/a><\/li>\n  <li><strong>T\u00e9l\u00e9phone<\/strong>: +32 480 616848<\/li>\n  <li><strong>Adresse<\/strong>: Frame21 Business Center, Diamantstraat 8\/259, 2200 Herentals - Flandres, Belgique<\/li>\n<\/ul>\n<p>\n  Nous sommes heureux de r\u00e9pondre \u00e0 toutes vos questions sur la protection de la vie priv\u00e9e et le traitement des donn\u00e9es.\n<\/p>\n\n<p>\n  Avec cette politique de confidentialit\u00e9, nous esp\u00e9rons vous avoir \u00e9clair\u00e9 sur la fa\u00e7on dont nous, chez\n  Solarco traite vos donn\u00e9es personnelles. En visitant notre site et en utilisant nos services, vous acceptez le contenu de cette politique.\n  services, vous acceptez le contenu de cette politique. Si vous n'\u00eates pas d'accord ou si vous avez des questions, n'h\u00e9sitez pas \u00e0 nous contacter.\n  ou si vous avez des questions, n'h\u00e9sitez pas \u00e0 nous contacter - nous sommes l\u00e0 pour vous !\n<\/p>\t\t\t\t<\/div>\n\t\t\t\t\t<\/div>\n\t\t\t\t<\/div>\n\t\t\t\t<\/div>","protected":false},"excerpt":{"rendered":"<p>Home Privacy beleid Laatst gewijzigd: 10\/01\/2025 Deze Privacy Policy beschrijft hoe Solarco BV (\u201cwij\u201d, \u201cons\u201d of \u201cSolarco\u201d) persoonsgegevens verwerkt die wij verzamelen wanneer je onze website bezoekt (www.solar-co.be) of wanneer je op andere wijze persoonsgegevens met ons deelt (hierna: \u201cGebruikers\u201d of \u201cjij\u201d\/\u201cu\u201d). 1. Wie zijn wij? Solarco BV is gevestigd te: Adres: Frame21 Business Center, [&hellip;]<\/p>\n","protected":false},"author":1,"featured_media":0,"parent":0,"menu_order":0,"comment_status":"closed","ping_status":"open","template":"","meta":{"footnotes":""},"class_list":["post-3","page","type-page","status-publish","hentry"],"_links":{"self":[{"href":"https:\/\/solar-co.be\/fr\/wp-json\/wp\/v2\/pages\/3","targetHints":{"allow":["GET"]}}],"collection":[{"href":"https:\/\/solar-co.be\/fr\/wp-json\/wp\/v2\/pages"}],"about":[{"href":"https:\/\/solar-co.be\/fr\/wp-json\/wp\/v2\/types\/page"}],"author":[{"embeddable":true,"href":"https:\/\/solar-co.be\/fr\/wp-json\/wp\/v2\/users\/1"}],"replies":[{"embeddable":true,"href":"https:\/\/solar-co.be\/fr\/wp-json\/wp\/v2\/comments?post=3"}],"version-history":[{"count":0,"href":"https:\/\/solar-co.be\/fr\/wp-json\/wp\/v2\/pages\/3\/revisions"}],"wp:attachment":[{"href":"https:\/\/solar-co.be\/fr\/wp-json\/wp\/v2\/media?parent=3"}],"curies":[{"name":"wp","href":"https:\/\/api.w.org\/{rel}","templated":true}]}}